{"id":1159,"date":"2019-01-17T13:35:54","date_gmt":"2019-01-17T12:35:54","guid":{"rendered":"http:\/\/www.bioenvrac.fr\/commandes-groupees\/?page_id=1159"},"modified":"2022-06-13T08:47:09","modified_gmt":"2022-06-13T06:47:09","slug":"precommandes-sinscrire-pour-etre-informe-e","status":"publish","type":"page","link":"https:\/\/www.bioenvrac.fr\/commandes-groupees\/precommandes-sinscrire-pour-etre-informe-e\/","title":{"rendered":"Pr\u00e9commandes : S&rsquo;inscrire pour \u00eatre inform\u00e9.e"},"content":{"rendered":"<p>[vc_row][vc_column][vc_column_text]<\/p>\n<h3>\u00catre inform\u00e9.e d\u00e8s le lancement d&rsquo;une commande group\u00e9e.<\/h3>\n<p>Rappel du <a href=\"https:\/\/www.bioenvrac.fr\/commandes-groupees\/fonctionnement\/\" rel=\"noopener noreferrer\">fonctionnement<\/a> : On vous informe par mail de l\u2019ouverture des pr\u00e9commandes. Les pr\u00e9commandes durent 10 jours, pas de paiement en ligne. \u00c0 la fin des 10 jours on ferme les pr\u00e9commandes, on cumule les quantit\u00e9s command\u00e9es, on valident la disponibilit\u00e9 des stocks chez nos fournisseurs et producteurs locaux, on \u00e9dite votre facture que vous recevrez par mail, vous payez par virement bancaire (ou par ch\u00e8que), et on se donne rdv sur un des <a href=\"https:\/\/www.bioenvrac.fr\/commandes-groupees\/les-lieux-retrait\/\" rel=\"noopener noreferrer\">lieux de retrait<\/a>.<br \/>\n<a href=\"https:\/\/www.bioenvrac.fr\/commandes-groupees\/agenda-annuel-des-commandes-groupees\/\">Consulter l&rsquo;agenda annuel des commandes group\u00e9es<\/a>[\/vc_column_text][\/vc_column][\/vc_row][vc_row css=\u00a0\u00bb.vc_custom_1560430605702{margin-top: 0px !important;}\u00a0\u00bb][vc_column][vc_column_text]\n<!-- iframe plugin v.6.0 wordpress.org\/plugins\/iframe\/ -->\n<iframe loading=\"lazy\" src=\"https:\/\/sibforms.com\/serve\/MUIEADPvS9FFdOVl8HQCbSX6KeJJeic7igxpABip2ycAeSFJoUmDojy2elej5EaHya2l54xKXWRsBhu9FsBReEZAInqX2mOHvaiI2szitxek0hfupXs9eLL3G23bZ8L3KVYVRLeGejXNTEBnYji5lNbm7wNK_sKzoPb3WAgqgjSj1dXBd1OZOGXYYezrawAKf5QeCbsjLE5TDRbL\" frameborder=\"0\" scrolling=\"auto\" 0=\"allowfullscreen\" style=\"display: block;margin-left: auto;margin-right: auto;max-width: 100%;\" width=\"650\" height=\"750\" class=\"iframe-class\"><\/iframe>\n[\/vc_column_text][\/vc_column][\/vc_row][vc_row disable_element=\u00a0\u00bbyes\u00a0\u00bb css=\u00a0\u00bb.vc_custom_1603280470151{margin-top: 0px !important;}\u00a0\u00bb][vc_column][vc_column_text]<\/p>\n<h3>Vous souhaitez organiser vos achats ? Voici le calendrier annuel !<\/h3>\n<p>[\/vc_column_text][vc_column_text]Nous pr\u00e9voyons d&rsquo;organiser <strong>une commande group\u00e9e tous les deux mois.<\/strong><\/p>\n<p><strong>C&rsquo;est un planning de principe<\/strong>, les dates peuvent l\u00e9g\u00e8rement changer.[\/vc_column_text][\/vc_column][\/vc_row][vc_row disable_element=\u00a0\u00bbyes\u00a0\u00bb css=\u00a0\u00bb.vc_custom_1574659830259{margin-bottom: 50px !important;}\u00a0\u00bb][vc_column width=\u00a0\u00bb1\/6&Prime;][vc_column_text]<\/p>\n<h2>Calendrier 2019<\/h2>\n<p>[\/vc_column_text][\/vc_column][vc_column width=\u00a0\u00bb1\/6&Prime; css=\u00a0\u00bb.vc_custom_1547731054073{background-color: #a4d680 !important;}\u00a0\u00bb][vc_column_text]<\/p>\n<h3>F\u00e9vrier \/ Mars<\/h3>\n<p>[\/vc_column_text][vc_column_text]<strong>Pr\u00e9commandes :<br \/>\n<\/strong>Du 6 au 17 f\u00e9vrier<\/p>\n<p><strong>Distributions :<br \/>\n<\/strong>Du 4 au 16 mars[\/vc_column_text][\/vc_column][vc_column width=\u00a0\u00bb1\/6&Prime; css=\u00a0\u00bb.vc_custom_1547730873441{background-color: #eaeaea !important;}\u00a0\u00bb][vc_column_text css=\u00a0\u00bb.vc_custom_1572600719393{background-color: #eaeaea !important;}\u00a0\u00bb]<\/p>\n<h3>Avril \/ Mai<\/h3>\n<p>[\/vc_column_text][vc_column_text]<strong>Pr\u00e9commandes :<br \/>\n<\/strong>Du 2 au 14 avril<\/p>\n<p><strong>Distributions :<br \/>\n<\/strong>Du 29 avril au 11 mai[\/vc_column_text][\/vc_column][vc_column width=\u00a0\u00bb1\/6&Prime; css=\u00a0\u00bb.vc_custom_1547731064924{background-color: #a4d680 !important;}\u00a0\u00bb][vc_column_text]<\/p>\n<h3>Juin \/ Juillet<\/h3>\n<p>[\/vc_column_text][vc_column_text]<strong>Pr\u00e9commandes :<br \/>\n<\/strong>Du 1 au 11 juin<\/p>\n<p><strong>Distributions :<br \/>\n<\/strong>Du 26 juin au 6 juillet[\/vc_column_text][\/vc_column][vc_column width=\u00a0\u00bb1\/6&Prime; css=\u00a0\u00bb.vc_custom_1547730882367{background-color: #eaeaea !important;}\u00a0\u00bb][vc_column_text]<\/p>\n<h3>Sept. \/ Oct.<\/h3>\n<p>[\/vc_column_text][vc_column_text]<strong>Pr\u00e9commandes :<br \/>\n<\/strong>Du 8 au 18 septembre<\/p>\n<p><strong>Distributions :<br \/>\n<\/strong>Du 30 sept au 12 oct.[\/vc_column_text][\/vc_column][vc_column width=\u00a0\u00bb1\/6&Prime; css=\u00a0\u00bb.vc_custom_1547731073672{background-color: #a4d680 !important;}\u00a0\u00bb][vc_column_text]<\/p>\n<h3>Nov. \/ D\u00e9c.<\/h3>\n<p>[\/vc_column_text][vc_column_text]<strong>Pr\u00e9commandes :<br \/>\n<\/strong>Du 10 au 20 novembre<\/p>\n<p><strong>Distributions :<br \/>\n<\/strong>Du 9 au 20 d\u00e9cembre[\/vc_column_text][\/vc_column][\/vc_row][vc_row disable_element=\u00a0\u00bbyes\u00a0\u00bb css=\u00a0\u00bb.vc_custom_1603280476900{margin-bottom: 50px !important;}\u00a0\u00bb][vc_column width=\u00a0\u00bb1\/6&Prime;][vc_column_text]<\/p>\n<h2>Calendrier 2020<\/h2>\n<p>[\/vc_column_text][\/vc_column][vc_column width=\u00a0\u00bb1\/6&Prime; css=\u00a0\u00bb.vc_custom_1547731054073{background-color: #a4d680 !important;}\u00a0\u00bb][vc_column_text]<\/p>\n<h3>F\u00e9vrier<\/h3>\n<p>[\/vc_column_text][vc_column_text]<strong>Pr\u00e9commandes :<br \/>\n<\/strong>Du 24 janvier au 2 f\u00e9vrier<\/p>\n<p><strong>Distributions :<br \/>\n<\/strong>Du 17 f\u00e9vrier au 1 mars[\/vc_column_text][\/vc_column][vc_column width=\u00a0\u00bb1\/6&Prime; css=\u00a0\u00bb.vc_custom_1547730873441{background-color: #eaeaea !important;}\u00a0\u00bb][vc_column_text css=\u00a0\u00bb.vc_custom_1572601534108{background-color: #eaeaea !important;}\u00a0\u00bb]<\/p>\n<h3>Avril<\/h3>\n<p>[\/vc_column_text][vc_column_text]<strong>Pr\u00e9commandes :<br \/>\n<\/strong>Du 27 mars au 5 avril<\/p>\n<p><strong>Distributions :<br \/>\n<\/strong>Du 21 avril au 5 mai[\/vc_column_text][\/vc_column][vc_column width=\u00a0\u00bb1\/6&Prime; css=\u00a0\u00bb.vc_custom_1547731064924{background-color: #a4d680 !important;}\u00a0\u00bb][vc_column_text]<\/p>\n<h3>Juin<\/h3>\n<p>[\/vc_column_text][vc_column_text]<strong>Pr\u00e9commandes :<br \/>\n<\/strong>Du 29 mai au 7 juin<\/p>\n<p><strong>Distributions :<br \/>\n<\/strong>Du 23 juin au 4 juillet[\/vc_column_text][\/vc_column][vc_column width=\u00a0\u00bb1\/6&Prime; css=\u00a0\u00bb.vc_custom_1547730882367{background-color: #eaeaea !important;}\u00a0\u00bb][vc_column_text]<\/p>\n<h3>Septembre<\/h3>\n<p>[\/vc_column_text][vc_column_text]<strong>Pr\u00e9commandes :<br \/>\n<\/strong>Du 4 au 13 septembre<\/p>\n<p><strong>Distributions :<br \/>\n<\/strong>Du 28 septembre au 10 octobre[\/vc_column_text][\/vc_column][vc_column width=\u00a0\u00bb1\/6&Prime; css=\u00a0\u00bb.vc_custom_1547731073672{background-color: #a4d680 !important;}\u00a0\u00bb][vc_column_text]<\/p>\n<h3>D\u00e9cembre<\/h3>\n<p>[\/vc_column_text][vc_column_text]<strong>Pr\u00e9commandes :<br \/>\n<\/strong>Du 13 au 22 novembre<\/p>\n<p><strong>Distributions :<br \/>\n<\/strong>Du 8 au 20 d\u00e9cembre[\/vc_column_text][\/vc_column][\/vc_row]<\/p>\n","protected":false},"excerpt":{"rendered":"<p>[vc_row][vc_column][vc_column_text] \u00catre inform\u00e9.e d\u00e8s le lancement d&rsquo;une commande group\u00e9e. Rappel du fonctionnement : On vous informe par mail de l\u2019ouverture des pr\u00e9commandes. Les pr\u00e9commandes durent 10 jours, pas de paiement<\/p>\n","protected":false},"author":1,"featured_media":0,"parent":0,"menu_order":0,"comment_status":"closed","ping_status":"closed","template":"","meta":{"footnotes":""},"class_list":["post-1159","page","type-page","status-publish","hentry"],"yoast_head":"<title>Pr\u00e9commandes : S&#039;inscrire pour \u00eatre inform\u00e9.e - Commandes group\u00e9es de produits bio secs<\/title>\n<meta name=\"robots\" content=\"index, follow, max-snippet:-1, max-image-preview:large, max-video-preview:-1\" \/>\n<link rel=\"canonical\" href=\"https:\/\/www.bioenvrac.fr\/commandes-groupees\/precommandes-sinscrire-pour-etre-informe-e\/\" \/>\n<meta property=\"og:locale\" content=\"fr_FR\" \/>\n<meta property=\"og:type\" content=\"article\" \/>\n<meta property=\"og:title\" content=\"Pr\u00e9commandes : S&#039;inscrire pour \u00eatre inform\u00e9.e - Commandes group\u00e9es de produits bio secs\" \/>\n<meta property=\"og:description\" content=\"[vc_row][vc_column][vc_column_text] \u00catre inform\u00e9.e d\u00e8s le lancement d&rsquo;une commande group\u00e9e. Rappel du fonctionnement : On vous informe par mail de l\u2019ouverture des pr\u00e9commandes. Les pr\u00e9commandes durent 10 jours, pas de paiement\" \/>\n<meta property=\"og:url\" content=\"https:\/\/www.bioenvrac.fr\/commandes-groupees\/precommandes-sinscrire-pour-etre-informe-e\/\" \/>\n<meta property=\"og:site_name\" content=\"Commandes group\u00e9es de produits bio secs\" \/>\n<meta property=\"article:publisher\" content=\"https:\/\/www.facebook.com\/bioenvrac\" \/>\n<meta property=\"article:modified_time\" content=\"2022-06-13T06:47:09+00:00\" \/>\n<meta property=\"og:image\" content=\"https:\/\/www.bioenvrac.fr\/commandes-groupees\/wp-content\/uploads\/2023\/09\/bioenvrac.jpg\" \/>\n\t<meta property=\"og:image:width\" content=\"1200\" \/>\n\t<meta property=\"og:image:height\" content=\"675\" \/>\n\t<meta property=\"og:image:type\" content=\"image\/jpeg\" \/>\n<meta name=\"twitter:card\" content=\"summary_large_image\" \/>\n<meta name=\"twitter:label1\" content=\"Dur\u00e9e de lecture estim\u00e9e\" \/>\n\t<meta name=\"twitter:data1\" content=\"2 minutes\" \/>\n<script type=\"application\/ld+json\" class=\"yoast-schema-graph\">{\"@context\":\"https:\/\/schema.org\",\"@graph\":[{\"@type\":\"WebPage\",\"@id\":\"https:\/\/www.bioenvrac.fr\/commandes-groupees\/precommandes-sinscrire-pour-etre-informe-e\/\",\"url\":\"https:\/\/www.bioenvrac.fr\/commandes-groupees\/precommandes-sinscrire-pour-etre-informe-e\/\",\"name\":\"Pr\u00e9commandes : S'inscrire pour \u00eatre inform\u00e9.e - Commandes group\u00e9es de produits bio secs\",\"isPartOf\":{\"@id\":\"https:\/\/www.bioenvrac.fr\/commandes-groupees\/#website\"},\"datePublished\":\"2019-01-17T12:35:54+00:00\",\"dateModified\":\"2022-06-13T06:47:09+00:00\",\"breadcrumb\":{\"@id\":\"https:\/\/www.bioenvrac.fr\/commandes-groupees\/precommandes-sinscrire-pour-etre-informe-e\/#breadcrumb\"},\"inLanguage\":\"fr-FR\",\"potentialAction\":[{\"@type\":\"ReadAction\",\"target\":[\"https:\/\/www.bioenvrac.fr\/commandes-groupees\/precommandes-sinscrire-pour-etre-informe-e\/\"]}]},{\"@type\":\"BreadcrumbList\",\"@id\":\"https:\/\/www.bioenvrac.fr\/commandes-groupees\/precommandes-sinscrire-pour-etre-informe-e\/#breadcrumb\",\"itemListElement\":[{\"@type\":\"ListItem\",\"position\":1,\"name\":\"Accueil\",\"item\":\"https:\/\/www.bioenvrac.fr\/commandes-groupees\/\"},{\"@type\":\"ListItem\",\"position\":2,\"name\":\"Pr\u00e9commandes : S&rsquo;inscrire pour \u00eatre inform\u00e9.e\"}]},{\"@type\":\"WebSite\",\"@id\":\"https:\/\/www.bioenvrac.fr\/commandes-groupees\/#website\",\"url\":\"https:\/\/www.bioenvrac.fr\/commandes-groupees\/\",\"name\":\"Commandes group\u00e9es de produits bio secs\",\"description\":\"Commandes group\u00e9es de produits bio secs\",\"publisher\":{\"@id\":\"https:\/\/www.bioenvrac.fr\/commandes-groupees\/#organization\"},\"potentialAction\":[{\"@type\":\"SearchAction\",\"target\":{\"@type\":\"EntryPoint\",\"urlTemplate\":\"https:\/\/www.bioenvrac.fr\/commandes-groupees\/?s={search_term_string}\"},\"query-input\":{\"@type\":\"PropertyValueSpecification\",\"valueRequired\":true,\"valueName\":\"search_term_string\"}}],\"inLanguage\":\"fr-FR\"},{\"@type\":\"Organization\",\"@id\":\"https:\/\/www.bioenvrac.fr\/commandes-groupees\/#organization\",\"name\":\"Bioenvrac\",\"url\":\"https:\/\/www.bioenvrac.fr\/commandes-groupees\/\",\"logo\":{\"@type\":\"ImageObject\",\"inLanguage\":\"fr-FR\",\"@id\":\"https:\/\/www.bioenvrac.fr\/commandes-groupees\/#\/schema\/logo\/image\/\",\"url\":\"https:\/\/www.bioenvrac.fr\/commandes-groupees\/wp-content\/uploads\/2023\/09\/bioenvrac-logo.jpg\",\"contentUrl\":\"https:\/\/www.bioenvrac.fr\/commandes-groupees\/wp-content\/uploads\/2023\/09\/bioenvrac-logo.jpg\",\"width\":696,\"height\":696,\"caption\":\"Bioenvrac\"},\"image\":{\"@id\":\"https:\/\/www.bioenvrac.fr\/commandes-groupees\/#\/schema\/logo\/image\/\"},\"sameAs\":[\"https:\/\/www.facebook.com\/bioenvrac\"]}]}<\/script>","yoast_head_json":{"title":"Pr\u00e9commandes : S'inscrire pour \u00eatre inform\u00e9.e - Commandes group\u00e9es de produits bio secs","robots":{"index":"index","follow":"follow","max-snippet":"max-snippet:-1","max-image-preview":"max-image-preview:large","max-video-preview":"max-video-preview:-1"},"canonical":"https:\/\/www.bioenvrac.fr\/commandes-groupees\/precommandes-sinscrire-pour-etre-informe-e\/","og_locale":"fr_FR","og_type":"article","og_title":"Pr\u00e9commandes : S'inscrire pour \u00eatre inform\u00e9.e - Commandes group\u00e9es de produits bio secs","og_description":"[vc_row][vc_column][vc_column_text] \u00catre inform\u00e9.e d\u00e8s le lancement d&rsquo;une commande group\u00e9e. Rappel du fonctionnement : On vous informe par mail de l\u2019ouverture des pr\u00e9commandes. Les pr\u00e9commandes durent 10 jours, pas de paiement","og_url":"https:\/\/www.bioenvrac.fr\/commandes-groupees\/precommandes-sinscrire-pour-etre-informe-e\/","og_site_name":"Commandes group\u00e9es de produits bio secs","article_publisher":"https:\/\/www.facebook.com\/bioenvrac","article_modified_time":"2022-06-13T06:47:09+00:00","og_image":[{"width":1200,"height":675,"url":"https:\/\/www.bioenvrac.fr\/commandes-groupees\/wp-content\/uploads\/2023\/09\/bioenvrac.jpg","type":"image\/jpeg"}],"twitter_card":"summary_large_image","twitter_misc":{"Dur\u00e9e de lecture estim\u00e9e":"2 minutes"},"schema":{"@context":"https:\/\/schema.org","@graph":[{"@type":"WebPage","@id":"https:\/\/www.bioenvrac.fr\/commandes-groupees\/precommandes-sinscrire-pour-etre-informe-e\/","url":"https:\/\/www.bioenvrac.fr\/commandes-groupees\/precommandes-sinscrire-pour-etre-informe-e\/","name":"Pr\u00e9commandes : S'inscrire pour \u00eatre inform\u00e9.e - Commandes group\u00e9es de produits bio secs","isPartOf":{"@id":"https:\/\/www.bioenvrac.fr\/commandes-groupees\/#website"},"datePublished":"2019-01-17T12:35:54+00:00","dateModified":"2022-06-13T06:47:09+00:00","breadcrumb":{"@id":"https:\/\/www.bioenvrac.fr\/commandes-groupees\/precommandes-sinscrire-pour-etre-informe-e\/#breadcrumb"},"inLanguage":"fr-FR","potentialAction":[{"@type":"ReadAction","target":["https:\/\/www.bioenvrac.fr\/commandes-groupees\/precommandes-sinscrire-pour-etre-informe-e\/"]}]},{"@type":"BreadcrumbList","@id":"https:\/\/www.bioenvrac.fr\/commandes-groupees\/precommandes-sinscrire-pour-etre-informe-e\/#breadcrumb","itemListElement":[{"@type":"ListItem","position":1,"name":"Accueil","item":"https:\/\/www.bioenvrac.fr\/commandes-groupees\/"},{"@type":"ListItem","position":2,"name":"Pr\u00e9commandes : S&rsquo;inscrire pour \u00eatre inform\u00e9.e"}]},{"@type":"WebSite","@id":"https:\/\/www.bioenvrac.fr\/commandes-groupees\/#website","url":"https:\/\/www.bioenvrac.fr\/commandes-groupees\/","name":"Commandes group\u00e9es de produits bio secs","description":"Commandes group\u00e9es de produits bio secs","publisher":{"@id":"https:\/\/www.bioenvrac.fr\/commandes-groupees\/#organization"},"potentialAction":[{"@type":"SearchAction","target":{"@type":"EntryPoint","urlTemplate":"https:\/\/www.bioenvrac.fr\/commandes-groupees\/?s={search_term_string}"},"query-input":{"@type":"PropertyValueSpecification","valueRequired":true,"valueName":"search_term_string"}}],"inLanguage":"fr-FR"},{"@type":"Organization","@id":"https:\/\/www.bioenvrac.fr\/commandes-groupees\/#organization","name":"Bioenvrac","url":"https:\/\/www.bioenvrac.fr\/commandes-groupees\/","logo":{"@type":"ImageObject","inLanguage":"fr-FR","@id":"https:\/\/www.bioenvrac.fr\/commandes-groupees\/#\/schema\/logo\/image\/","url":"https:\/\/www.bioenvrac.fr\/commandes-groupees\/wp-content\/uploads\/2023\/09\/bioenvrac-logo.jpg","contentUrl":"https:\/\/www.bioenvrac.fr\/commandes-groupees\/wp-content\/uploads\/2023\/09\/bioenvrac-logo.jpg","width":696,"height":696,"caption":"Bioenvrac"},"image":{"@id":"https:\/\/www.bioenvrac.fr\/commandes-groupees\/#\/schema\/logo\/image\/"},"sameAs":["https:\/\/www.facebook.com\/bioenvrac"]}]}},"_links":{"self":[{"href":"https:\/\/www.bioenvrac.fr\/commandes-groupees\/wp-json\/wp\/v2\/pages\/1159","targetHints":{"allow":["GET"]}}],"collection":[{"href":"https:\/\/www.bioenvrac.fr\/commandes-groupees\/wp-json\/wp\/v2\/pages"}],"about":[{"href":"https:\/\/www.bioenvrac.fr\/commandes-groupees\/wp-json\/wp\/v2\/types\/page"}],"author":[{"embeddable":true,"href":"https:\/\/www.bioenvrac.fr\/commandes-groupees\/wp-json\/wp\/v2\/users\/1"}],"replies":[{"embeddable":true,"href":"https:\/\/www.bioenvrac.fr\/commandes-groupees\/wp-json\/wp\/v2\/comments?post=1159"}],"version-history":[{"count":51,"href":"https:\/\/www.bioenvrac.fr\/commandes-groupees\/wp-json\/wp\/v2\/pages\/1159\/revisions"}],"predecessor-version":[{"id":8188,"href":"https:\/\/www.bioenvrac.fr\/commandes-groupees\/wp-json\/wp\/v2\/pages\/1159\/revisions\/8188"}],"wp:attachment":[{"href":"https:\/\/www.bioenvrac.fr\/commandes-groupees\/wp-json\/wp\/v2\/media?parent=1159"}],"curies":[{"name":"wp","href":"https:\/\/api.w.org\/{rel}","templated":true}]}}