{"id":4215,"date":"2020-10-21T13:42:43","date_gmt":"2020-10-21T11:42:43","guid":{"rendered":"https:\/\/www.bioenvrac.fr\/commandes-groupees\/?page_id=4215"},"modified":"2025-11-24T10:41:46","modified_gmt":"2025-11-24T09:41:46","slug":"agenda-annuel-des-commandes-groupees","status":"publish","type":"page","link":"https:\/\/www.bioenvrac.fr\/commandes-groupees\/agenda-annuel-des-commandes-groupees\/","title":{"rendered":"Agenda annuel des commandes group\u00e9es"},"content":{"rendered":"<p>[vc_row][vc_column][vc_column_text]<\/p>\n<h3>Agenda annuel des commandes group\u00e9es<\/h3>\n<p>Afin de faciliter l\u2019organisation de vos stocks nous avons \u00e9dit\u00e9 un agenda annuel des commandes group\u00e9es. M\u00eame si les dates peuvent l\u00e9g\u00e8rement chang\u00e9es, nous sommes soucieux de respecter cet agenda.<\/p>\n<p>C&rsquo;est aussi plus simple pour pr\u00e9parer votre commande avec vos ami.e.s, proches, voisins&#8230; <strong>Pensez \u00e0 vous grouper<\/strong> afin de profiter des meilleurs prix sur les sacs de 5 kg et plus. En vous groupant vous \u00eates aussi consom&rsquo;acteur, moins d&rsquo;impact sur l&rsquo;environnement ![\/vc_column_text][vc_btn title=\u00a0\u00bbPr\u00e9commandes, s&rsquo;inscrire pour \u00eatre inform\u00e9.e\u00a0\u00bb style=\u00a0\u00bbcustom\u00a0\u00bb custom_background=\u00a0\u00bb#e16162&Prime; custom_text=\u00a0\u00bb#ffffff\u00a0\u00bb link=\u00a0\u00bburl:https%3A%2F%2Fwww.bioenvrac.fr%2Fcommandes-groupees%2Fprecommandes-sinscrire-pour-etre-informe-e%2F|title:Pr%C3%A9commandes%20%3A%20S%E2%80%99inscrire%20pour%20%C3%AAtre%20inform%C3%A9.e\u00a0\u00bb][\/vc_column][\/vc_row][vc_row css=\u00a0\u00bb.vc_custom_1637662769643{margin-bottom: 30px !important;}\u00a0\u00bb][vc_column][vc_column_text css=\u00a0\u00bb.vc_custom_1763976217091{padding-top: 15px !important;padding-right: 15px !important;padding-bottom: 15px !important;padding-left: 15px !important;background-color: #abd1c6 !important;}\u00a0\u00bb]<\/p>\n<h3>Agenda des commandes group\u00e9es <strong>2026<\/strong><\/h3>\n<p>[\/vc_column_text][\/vc_column][\/vc_row][vc_row][vc_column width=\u00a0\u00bb1\/5&Prime;][vc_column_text]<\/p>\n<h5 style=\"text-align: left;\">Janvier<\/h5>\n<p style=\"text-align: left;\"><strong>Pr\u00e9commande<br \/>\ndu 23 janvier au 1 f\u00e9vrier<\/strong><em><br \/>\nLivraison<br \/>\ndu 14 au 26 f\u00e9vrier<\/em><\/p>\n<p>[\/vc_column_text][\/vc_column][vc_column width=\u00a0\u00bb1\/5&Prime;][vc_column_text]<\/p>\n<h5 style=\"text-align: left;\">MARS<\/h5>\n<p style=\"text-align: left;\"><strong>Pr\u00e9commande<br \/>\ndu 27 mars au 6 avril<br \/>\n<\/strong><em>Livraison<br \/>\ndu 20 au 30 avril<\/em><\/p>\n<p>[\/vc_column_text][\/vc_column][vc_column width=\u00a0\u00bb1\/5&Prime;][vc_column_text]<\/p>\n<h5 style=\"text-align: left;\">Juin<\/h5>\n<p style=\"text-align: left;\"><strong>Pr\u00e9commande<br \/>\ndu 29 mai au 7 juin<br \/>\n<\/strong><em>Livraison<br \/>\ndu 19 au 2 juillet<\/em><\/p>\n<p>[\/vc_column_text][\/vc_column][vc_column width=\u00a0\u00bb1\/5&Prime;][vc_column_text]<\/p>\n<h5 style=\"text-align: left;\">Septembre<\/h5>\n<p style=\"text-align: left;\"><strong>Pr\u00e9commande<br \/>\ndu 11 au 20 septembre<br \/>\n<\/strong><em>Livraison<br \/>\ndu 3 au 15 octobre<\/em><\/p>\n<p>[\/vc_column_text][\/vc_column][vc_column width=\u00a0\u00bb1\/5&Prime;][vc_column_text]<\/p>\n<h5 style=\"text-align: left;\">Novembre<\/h5>\n<p style=\"text-align: left;\"><em><strong>Pr\u00e9commande<br \/>\ndu 13 au 22 novembre<\/strong><br \/>\nLivraison<br \/>\ndu 4 au 17 d\u00e9cembre<br \/>\n<\/em><\/p>\n<p>[\/vc_column_text][\/vc_column][\/vc_row][vc_row][vc_column][vc_column_text]<\/p>\n<p style=\"text-align: center;\"><a href=\"http:\/\/www.bioenvrac.fr\/commandes-groupees\/wp-content\/uploads\/2025\/11\/AgendaCG2026-web.pdf\" target=\"_blank\" rel=\"noopener\">T\u00e9l\u00e9charger l&rsquo;agenda en pdf<\/a><\/p>\n<p>[\/vc_column_text][vc_single_image image=\u00a0\u00bb12214&Prime; img_size=\u00a0\u00bbfull\u00a0\u00bb alignment=\u00a0\u00bbcenter\u00a0\u00bb onclick=\u00a0\u00bblink_image\u00a0\u00bb][\/vc_column][\/vc_row][vc_row][vc_column][vc_single_image image=\u00a0\u00bb12215&Prime; img_size=\u00a0\u00bbfull\u00a0\u00bb alignment=\u00a0\u00bbcenter\u00a0\u00bb onclick=\u00a0\u00bblink_image\u00a0\u00bb][\/vc_column][\/vc_row]<\/p>\n","protected":false},"excerpt":{"rendered":"<p>[vc_row][vc_column][vc_column_text] Agenda annuel des commandes group\u00e9es Afin de faciliter l\u2019organisation de vos stocks nous avons \u00e9dit\u00e9 un agenda annuel des commandes group\u00e9es. M\u00eame si les dates peuvent l\u00e9g\u00e8rement chang\u00e9es, nous<\/p>\n","protected":false},"author":1,"featured_media":0,"parent":0,"menu_order":0,"comment_status":"closed","ping_status":"closed","template":"","meta":{"footnotes":""},"class_list":["post-4215","page","type-page","status-publish","hentry"],"yoast_head":"<title>Agenda annuel des commandes group\u00e9es - Commandes group\u00e9es de produits bio secs<\/title>\n<meta name=\"robots\" content=\"index, follow, max-snippet:-1, max-image-preview:large, max-video-preview:-1\" \/>\n<link rel=\"canonical\" href=\"https:\/\/www.bioenvrac.fr\/commandes-groupees\/agenda-annuel-des-commandes-groupees\/\" \/>\n<meta property=\"og:locale\" content=\"fr_FR\" \/>\n<meta property=\"og:type\" content=\"article\" \/>\n<meta property=\"og:title\" content=\"Agenda annuel des commandes group\u00e9es - Commandes group\u00e9es de produits bio secs\" \/>\n<meta property=\"og:description\" content=\"[vc_row][vc_column][vc_column_text] Agenda annuel des commandes group\u00e9es Afin de faciliter l\u2019organisation de vos stocks nous avons \u00e9dit\u00e9 un agenda annuel des commandes group\u00e9es. M\u00eame si les dates peuvent l\u00e9g\u00e8rement chang\u00e9es, nous\" \/>\n<meta property=\"og:url\" content=\"https:\/\/www.bioenvrac.fr\/commandes-groupees\/agenda-annuel-des-commandes-groupees\/\" \/>\n<meta property=\"og:site_name\" content=\"Commandes group\u00e9es de produits bio secs\" \/>\n<meta property=\"article:publisher\" content=\"https:\/\/www.facebook.com\/bioenvrac\" \/>\n<meta property=\"article:modified_time\" content=\"2025-11-24T09:41:46+00:00\" \/>\n<meta property=\"og:image\" content=\"https:\/\/www.bioenvrac.fr\/commandes-groupees\/wp-content\/uploads\/2023\/09\/bioenvrac.jpg\" \/>\n\t<meta property=\"og:image:width\" content=\"1200\" \/>\n\t<meta property=\"og:image:height\" content=\"675\" \/>\n\t<meta property=\"og:image:type\" content=\"image\/jpeg\" \/>\n<meta name=\"twitter:card\" content=\"summary_large_image\" \/>\n<meta name=\"twitter:label1\" content=\"Dur\u00e9e de lecture estim\u00e9e\" \/>\n\t<meta name=\"twitter:data1\" content=\"2 minutes\" \/>\n<script type=\"application\/ld+json\" class=\"yoast-schema-graph\">{\"@context\":\"https:\/\/schema.org\",\"@graph\":[{\"@type\":\"WebPage\",\"@id\":\"https:\/\/www.bioenvrac.fr\/commandes-groupees\/agenda-annuel-des-commandes-groupees\/\",\"url\":\"https:\/\/www.bioenvrac.fr\/commandes-groupees\/agenda-annuel-des-commandes-groupees\/\",\"name\":\"Agenda annuel des commandes group\u00e9es - Commandes group\u00e9es de produits bio secs\",\"isPartOf\":{\"@id\":\"https:\/\/www.bioenvrac.fr\/commandes-groupees\/#website\"},\"datePublished\":\"2020-10-21T11:42:43+00:00\",\"dateModified\":\"2025-11-24T09:41:46+00:00\",\"breadcrumb\":{\"@id\":\"https:\/\/www.bioenvrac.fr\/commandes-groupees\/agenda-annuel-des-commandes-groupees\/#breadcrumb\"},\"inLanguage\":\"fr-FR\",\"potentialAction\":[{\"@type\":\"ReadAction\",\"target\":[\"https:\/\/www.bioenvrac.fr\/commandes-groupees\/agenda-annuel-des-commandes-groupees\/\"]}]},{\"@type\":\"BreadcrumbList\",\"@id\":\"https:\/\/www.bioenvrac.fr\/commandes-groupees\/agenda-annuel-des-commandes-groupees\/#breadcrumb\",\"itemListElement\":[{\"@type\":\"ListItem\",\"position\":1,\"name\":\"Accueil\",\"item\":\"https:\/\/www.bioenvrac.fr\/commandes-groupees\/\"},{\"@type\":\"ListItem\",\"position\":2,\"name\":\"Agenda annuel des commandes group\u00e9es\"}]},{\"@type\":\"WebSite\",\"@id\":\"https:\/\/www.bioenvrac.fr\/commandes-groupees\/#website\",\"url\":\"https:\/\/www.bioenvrac.fr\/commandes-groupees\/\",\"name\":\"Commandes group\u00e9es de produits bio secs\",\"description\":\"Commandes group\u00e9es de produits bio secs\",\"publisher\":{\"@id\":\"https:\/\/www.bioenvrac.fr\/commandes-groupees\/#organization\"},\"potentialAction\":[{\"@type\":\"SearchAction\",\"target\":{\"@type\":\"EntryPoint\",\"urlTemplate\":\"https:\/\/www.bioenvrac.fr\/commandes-groupees\/?s={search_term_string}\"},\"query-input\":{\"@type\":\"PropertyValueSpecification\",\"valueRequired\":true,\"valueName\":\"search_term_string\"}}],\"inLanguage\":\"fr-FR\"},{\"@type\":\"Organization\",\"@id\":\"https:\/\/www.bioenvrac.fr\/commandes-groupees\/#organization\",\"name\":\"Bioenvrac\",\"url\":\"https:\/\/www.bioenvrac.fr\/commandes-groupees\/\",\"logo\":{\"@type\":\"ImageObject\",\"inLanguage\":\"fr-FR\",\"@id\":\"https:\/\/www.bioenvrac.fr\/commandes-groupees\/#\/schema\/logo\/image\/\",\"url\":\"https:\/\/www.bioenvrac.fr\/commandes-groupees\/wp-content\/uploads\/2023\/09\/bioenvrac-logo.jpg\",\"contentUrl\":\"https:\/\/www.bioenvrac.fr\/commandes-groupees\/wp-content\/uploads\/2023\/09\/bioenvrac-logo.jpg\",\"width\":696,\"height\":696,\"caption\":\"Bioenvrac\"},\"image\":{\"@id\":\"https:\/\/www.bioenvrac.fr\/commandes-groupees\/#\/schema\/logo\/image\/\"},\"sameAs\":[\"https:\/\/www.facebook.com\/bioenvrac\"]}]}<\/script>","yoast_head_json":{"title":"Agenda annuel des commandes group\u00e9es - Commandes group\u00e9es de produits bio secs","robots":{"index":"index","follow":"follow","max-snippet":"max-snippet:-1","max-image-preview":"max-image-preview:large","max-video-preview":"max-video-preview:-1"},"canonical":"https:\/\/www.bioenvrac.fr\/commandes-groupees\/agenda-annuel-des-commandes-groupees\/","og_locale":"fr_FR","og_type":"article","og_title":"Agenda annuel des commandes group\u00e9es - Commandes group\u00e9es de produits bio secs","og_description":"[vc_row][vc_column][vc_column_text] Agenda annuel des commandes group\u00e9es Afin de faciliter l\u2019organisation de vos stocks nous avons \u00e9dit\u00e9 un agenda annuel des commandes group\u00e9es. M\u00eame si les dates peuvent l\u00e9g\u00e8rement chang\u00e9es, nous","og_url":"https:\/\/www.bioenvrac.fr\/commandes-groupees\/agenda-annuel-des-commandes-groupees\/","og_site_name":"Commandes group\u00e9es de produits bio secs","article_publisher":"https:\/\/www.facebook.com\/bioenvrac","article_modified_time":"2025-11-24T09:41:46+00:00","og_image":[{"width":1200,"height":675,"url":"https:\/\/www.bioenvrac.fr\/commandes-groupees\/wp-content\/uploads\/2023\/09\/bioenvrac.jpg","type":"image\/jpeg"}],"twitter_card":"summary_large_image","twitter_misc":{"Dur\u00e9e de lecture estim\u00e9e":"2 minutes"},"schema":{"@context":"https:\/\/schema.org","@graph":[{"@type":"WebPage","@id":"https:\/\/www.bioenvrac.fr\/commandes-groupees\/agenda-annuel-des-commandes-groupees\/","url":"https:\/\/www.bioenvrac.fr\/commandes-groupees\/agenda-annuel-des-commandes-groupees\/","name":"Agenda annuel des commandes group\u00e9es - Commandes group\u00e9es de produits bio secs","isPartOf":{"@id":"https:\/\/www.bioenvrac.fr\/commandes-groupees\/#website"},"datePublished":"2020-10-21T11:42:43+00:00","dateModified":"2025-11-24T09:41:46+00:00","breadcrumb":{"@id":"https:\/\/www.bioenvrac.fr\/commandes-groupees\/agenda-annuel-des-commandes-groupees\/#breadcrumb"},"inLanguage":"fr-FR","potentialAction":[{"@type":"ReadAction","target":["https:\/\/www.bioenvrac.fr\/commandes-groupees\/agenda-annuel-des-commandes-groupees\/"]}]},{"@type":"BreadcrumbList","@id":"https:\/\/www.bioenvrac.fr\/commandes-groupees\/agenda-annuel-des-commandes-groupees\/#breadcrumb","itemListElement":[{"@type":"ListItem","position":1,"name":"Accueil","item":"https:\/\/www.bioenvrac.fr\/commandes-groupees\/"},{"@type":"ListItem","position":2,"name":"Agenda annuel des commandes group\u00e9es"}]},{"@type":"WebSite","@id":"https:\/\/www.bioenvrac.fr\/commandes-groupees\/#website","url":"https:\/\/www.bioenvrac.fr\/commandes-groupees\/","name":"Commandes group\u00e9es de produits bio secs","description":"Commandes group\u00e9es de produits bio secs","publisher":{"@id":"https:\/\/www.bioenvrac.fr\/commandes-groupees\/#organization"},"potentialAction":[{"@type":"SearchAction","target":{"@type":"EntryPoint","urlTemplate":"https:\/\/www.bioenvrac.fr\/commandes-groupees\/?s={search_term_string}"},"query-input":{"@type":"PropertyValueSpecification","valueRequired":true,"valueName":"search_term_string"}}],"inLanguage":"fr-FR"},{"@type":"Organization","@id":"https:\/\/www.bioenvrac.fr\/commandes-groupees\/#organization","name":"Bioenvrac","url":"https:\/\/www.bioenvrac.fr\/commandes-groupees\/","logo":{"@type":"ImageObject","inLanguage":"fr-FR","@id":"https:\/\/www.bioenvrac.fr\/commandes-groupees\/#\/schema\/logo\/image\/","url":"https:\/\/www.bioenvrac.fr\/commandes-groupees\/wp-content\/uploads\/2023\/09\/bioenvrac-logo.jpg","contentUrl":"https:\/\/www.bioenvrac.fr\/commandes-groupees\/wp-content\/uploads\/2023\/09\/bioenvrac-logo.jpg","width":696,"height":696,"caption":"Bioenvrac"},"image":{"@id":"https:\/\/www.bioenvrac.fr\/commandes-groupees\/#\/schema\/logo\/image\/"},"sameAs":["https:\/\/www.facebook.com\/bioenvrac"]}]}},"_links":{"self":[{"href":"https:\/\/www.bioenvrac.fr\/commandes-groupees\/wp-json\/wp\/v2\/pages\/4215","targetHints":{"allow":["GET"]}}],"collection":[{"href":"https:\/\/www.bioenvrac.fr\/commandes-groupees\/wp-json\/wp\/v2\/pages"}],"about":[{"href":"https:\/\/www.bioenvrac.fr\/commandes-groupees\/wp-json\/wp\/v2\/types\/page"}],"author":[{"embeddable":true,"href":"https:\/\/www.bioenvrac.fr\/commandes-groupees\/wp-json\/wp\/v2\/users\/1"}],"replies":[{"embeddable":true,"href":"https:\/\/www.bioenvrac.fr\/commandes-groupees\/wp-json\/wp\/v2\/comments?post=4215"}],"version-history":[{"count":52,"href":"https:\/\/www.bioenvrac.fr\/commandes-groupees\/wp-json\/wp\/v2\/pages\/4215\/revisions"}],"predecessor-version":[{"id":12216,"href":"https:\/\/www.bioenvrac.fr\/commandes-groupees\/wp-json\/wp\/v2\/pages\/4215\/revisions\/12216"}],"wp:attachment":[{"href":"https:\/\/www.bioenvrac.fr\/commandes-groupees\/wp-json\/wp\/v2\/media?parent=4215"}],"curies":[{"name":"wp","href":"https:\/\/api.w.org\/{rel}","templated":true}]}}