{"id":9886,"date":"2023-09-04T10:54:49","date_gmt":"2023-09-04T08:54:49","guid":{"rendered":"https:\/\/www.bioenvrac.fr\/commandes-groupees\/?post_type=product&#038;p=9886"},"modified":"2026-04-07T08:12:18","modified_gmt":"2026-04-07T06:12:18","slug":"granola-fruits-secs-bio","status":"publish","type":"product","link":"https:\/\/www.bioenvrac.fr\/commandes-groupees\/produit\/granola-fruits-secs-bio\/","title":{"rendered":"Granola fruits secs Bio"},"content":{"rendered":"<p><strong>La Main dans le Bol<\/strong> est un fournil artisanal sp\u00e9cialis\u00e9 dans la cr\u00e9ation et la confection de c\u00e9r\u00e9ales biologiques pour le petit-d\u00e9jeuner, connues aussi sous le nom de granola.<br \/>\nNous s\u00e9lectionnons des ingr\u00e9dients purs aux qualit\u00e9s nutritionnelles reconnues pour vous concocter des recettes saines et gourmandes \u00e0 la fois. A la recherche du meilleur granola maison, c\u2019est par ici et c\u2019est chez La Main dans le Bol, votre fabricant fran\u00e7ais de c\u00e9r\u00e9ales bio en Auvergne Rh\u00f4ne-Alpes !<\/p>\n<p>Nous favorisons les\u00a0<strong>mati\u00e8res premi\u00e8res produites et\/ou transform\u00e9es en France<\/strong>\u00a0et plus pr\u00e9cis\u00e9ment en Auvergne-Rh\u00f4ne-Alpes\u00a0:<\/p>\n<p>La\u00a0<strong>c\u00e9r\u00e9ale<\/strong>\u00a0utilis\u00e9e dans nos\u00a0<strong>granolas est d\u2019origine fran\u00e7aise<\/strong>\u00a0et approvisionn\u00e9e en Auvergne Rh\u00f4ne-Alpes.<br \/>\nL\u2019huile de colza est transform\u00e9e dans la Dr\u00f4me par le principal fabricant fran\u00e7ais d\u2019huiles de graines issues de l\u2019agriculture biologique.<br \/>\nLe<strong>\u00a0sirop d\u2019\u00e9rable, sucre 100% naturel et non raffin\u00e9<\/strong>, vient directement du Qu\u00e9bec.<\/p>\n<p>Les\u00a0<strong>fruits secs\/s\u00e9ch\u00e9s et les graines<\/strong>\u00a0sont m\u00e9ticuleusement s\u00e9lectionn\u00e9s \u00e0 l\u2019\u00e9tranger par nos partenaires fran\u00e7ais qui d\u00e9veloppent des projets respectueux des producteurs, de leur environnement social, \u00e9cologique et \u00e9conomique avec la mise en place de fili\u00e8res \u00e9quitables notamment.<\/p>\n<p><strong>Ingr\u00e9dients :<\/strong>\u00a0<strong>flocons d\u2019avoine*<\/strong>, sirop d\u2019\u00e9rable*, huile de colza*, graines de tournesol*,\u00a0<strong>amandes*<\/strong>\u00a0(4%),<strong>\u00a0noisettes*<\/strong>(4%),<strong>\u00a0noix de cajou*<\/strong>\u00a0(3%)<br \/>\nAllerg\u00e8nes : voir en gras<br \/>\n*produits issus de l\u2019agriculture biologique<br \/>\n<i>*ne convient pas aux personnes c\u0153liaques<\/i><\/p>\n<h4 class=\"p1\"><span class=\"s1\">Valeurs nutritionnelles pour 100g<\/span><\/h4>\n<p class=\"p2\"><span class=\"s1\">Valeur \u00e9nerg\u00e9tiques : 2161 kJ\u00a0 \/ 517 Kcal<\/span><\/p>\n<p class=\"p2\"><span class=\"s1\">Mati\u00e8res grasses : 26,0 g<br \/>\nDont acides gras : 2,7 g<\/span><\/p>\n<p class=\"p2\"><span class=\"s1\">Glucides : 54,0g<br \/>\nDont sucres : 9,3 g<\/span><\/p>\n<p class=\"p2\"><span class=\"s1\">Fibres : 9,6 g<\/span><\/p>\n<p class=\"p2\"><span class=\"s1\">Prot\u00e9ines : 12,0 g<\/span><\/p>\n<p class=\"p2\"><span class=\"s1\">Sel : 0,02 g<\/span><\/p>\n","protected":false},"excerpt":{"rendered":"<div class=\"woocommerce-product-details__short-description\">\n<div class=\"short-description\">\n<p><img loading=\"lazy\" decoding=\"async\" class=\"alignnone size-full wp-image-5233\" src=\"https:\/\/www.bioenvrac.fr\/commandes-groupees\/wp-content\/uploads\/2021\/02\/certifie-bio-FR-Bio-15.jpg\" alt=\"\" width=\"180\" height=\"96\" srcset=\"https:\/\/www.bioenvrac.fr\/commandes-groupees\/wp-content\/uploads\/2021\/02\/certifie-bio-FR-Bio-15.jpg 180w, https:\/\/www.bioenvrac.fr\/commandes-groupees\/wp-content\/uploads\/2021\/02\/certifie-bio-FR-Bio-15-50x27.jpg 50w, https:\/\/www.bioenvrac.fr\/commandes-groupees\/wp-content\/uploads\/2021\/02\/certifie-bio-FR-Bio-15-141x75.jpg 141w\" sizes=\"auto, (max-width: 180px) 100vw, 180px\" \/><\/p>\n<p>Origine : Fabriqu\u00e9 en France\/Rh\u00f4ne<br \/>\n\u2022 En sac de 5 kg = 83,66 \u20ac<br \/>\n\u2022 En sachet de 700 g = 11,96 \u20ac<\/p>\n<\/div>\n<\/div>\n","protected":false},"featured_media":9938,"template":"","meta":[],"product_brand":[],"product_cat":[41,312],"product_tag":[294],"class_list":{"0":"post-9886","1":"product","2":"type-product","3":"status-publish","4":"has-post-thumbnail","6":"product_cat-03-produits-locaux","7":"product_cat-18-pti-dej","8":"product_tag-la-main-dans-le-bol","10":"first","11":"outofstock","12":"taxable","13":"shipping-taxable","14":"purchasable","15":"product-type-variable"},"yoast_head":"<title>Granola fruits secs Bio - Commandes group\u00e9es de produits bio secs<\/title>\n<meta name=\"robots\" content=\"index, follow, max-snippet:-1, max-image-preview:large, max-video-preview:-1\" \/>\n<link rel=\"canonical\" href=\"https:\/\/www.bioenvrac.fr\/commandes-groupees\/produit\/granola-fruits-secs-bio\/\" \/>\n<meta property=\"og:locale\" content=\"fr_FR\" \/>\n<meta property=\"og:type\" content=\"article\" \/>\n<meta property=\"og:title\" content=\"Granola fruits secs Bio - Commandes group\u00e9es de produits bio secs\" \/>\n<meta property=\"og:description\" content=\"Origine : Fabriqu\u00e9 en France\/Rh\u00f4ne \u2022 En sac de 5 kg = 83,66 \u20ac \u2022 En sachet de 700 g = 11,96 \u20ac\" \/>\n<meta property=\"og:url\" content=\"https:\/\/www.bioenvrac.fr\/commandes-groupees\/produit\/granola-fruits-secs-bio\/\" \/>\n<meta property=\"og:site_name\" content=\"Commandes group\u00e9es de produits bio secs\" \/>\n<meta property=\"article:publisher\" content=\"https:\/\/www.facebook.com\/bioenvrac\" \/>\n<meta property=\"article:modified_time\" content=\"2026-04-07T06:12:18+00:00\" \/>\n<meta property=\"og:image\" content=\"https:\/\/www.bioenvrac.fr\/commandes-groupees\/wp-content\/uploads\/2023\/09\/cereales-granola-bio-artisanal-fruits-secs-la-main-dans-le-bol-500.jpg\" \/>\n\t<meta property=\"og:image:width\" content=\"500\" \/>\n\t<meta property=\"og:image:height\" content=\"500\" \/>\n\t<meta property=\"og:image:type\" content=\"image\/jpeg\" \/>\n<meta name=\"twitter:card\" content=\"summary_large_image\" \/>\n<meta name=\"twitter:label1\" content=\"Dur\u00e9e de lecture estim\u00e9e\" \/>\n\t<meta name=\"twitter:data1\" content=\"2 minutes\" \/>\n<script type=\"application\/ld+json\" class=\"yoast-schema-graph\">{\"@context\":\"https:\/\/schema.org\",\"@graph\":[{\"@type\":\"WebPage\",\"@id\":\"https:\/\/www.bioenvrac.fr\/commandes-groupees\/produit\/granola-fruits-secs-bio\/\",\"url\":\"https:\/\/www.bioenvrac.fr\/commandes-groupees\/produit\/granola-fruits-secs-bio\/\",\"name\":\"Granola fruits secs Bio - Commandes group\u00e9es de produits bio secs\",\"isPartOf\":{\"@id\":\"https:\/\/www.bioenvrac.fr\/commandes-groupees\/#website\"},\"primaryImageOfPage\":{\"@id\":\"https:\/\/www.bioenvrac.fr\/commandes-groupees\/produit\/granola-fruits-secs-bio\/#primaryimage\"},\"image\":{\"@id\":\"https:\/\/www.bioenvrac.fr\/commandes-groupees\/produit\/granola-fruits-secs-bio\/#primaryimage\"},\"thumbnailUrl\":\"https:\/\/www.bioenvrac.fr\/commandes-groupees\/wp-content\/uploads\/2023\/09\/cereales-granola-bio-artisanal-fruits-secs-la-main-dans-le-bol-500.jpg\",\"datePublished\":\"2023-09-04T08:54:49+00:00\",\"dateModified\":\"2026-04-07T06:12:18+00:00\",\"breadcrumb\":{\"@id\":\"https:\/\/www.bioenvrac.fr\/commandes-groupees\/produit\/granola-fruits-secs-bio\/#breadcrumb\"},\"inLanguage\":\"fr-FR\",\"potentialAction\":[{\"@type\":\"ReadAction\",\"target\":[\"https:\/\/www.bioenvrac.fr\/commandes-groupees\/produit\/granola-fruits-secs-bio\/\"]}]},{\"@type\":\"ImageObject\",\"inLanguage\":\"fr-FR\",\"@id\":\"https:\/\/www.bioenvrac.fr\/commandes-groupees\/produit\/granola-fruits-secs-bio\/#primaryimage\",\"url\":\"https:\/\/www.bioenvrac.fr\/commandes-groupees\/wp-content\/uploads\/2023\/09\/cereales-granola-bio-artisanal-fruits-secs-la-main-dans-le-bol-500.jpg\",\"contentUrl\":\"https:\/\/www.bioenvrac.fr\/commandes-groupees\/wp-content\/uploads\/2023\/09\/cereales-granola-bio-artisanal-fruits-secs-la-main-dans-le-bol-500.jpg\",\"width\":500,\"height\":500},{\"@type\":\"BreadcrumbList\",\"@id\":\"https:\/\/www.bioenvrac.fr\/commandes-groupees\/produit\/granola-fruits-secs-bio\/#breadcrumb\",\"itemListElement\":[{\"@type\":\"ListItem\",\"position\":1,\"name\":\"Accueil\",\"item\":\"https:\/\/www.bioenvrac.fr\/commandes-groupees\/\"},{\"@type\":\"ListItem\",\"position\":2,\"name\":\"Boutique\",\"item\":\"https:\/\/www.bioenvrac.fr\/commandes-groupees\/boutique\/\"},{\"@type\":\"ListItem\",\"position\":3,\"name\":\"Granola fruits secs Bio\"}]},{\"@type\":\"WebSite\",\"@id\":\"https:\/\/www.bioenvrac.fr\/commandes-groupees\/#website\",\"url\":\"https:\/\/www.bioenvrac.fr\/commandes-groupees\/\",\"name\":\"Commandes group\u00e9es de produits bio secs\",\"description\":\"Commandes group\u00e9es de produits bio secs\",\"publisher\":{\"@id\":\"https:\/\/www.bioenvrac.fr\/commandes-groupees\/#organization\"},\"potentialAction\":[{\"@type\":\"SearchAction\",\"target\":{\"@type\":\"EntryPoint\",\"urlTemplate\":\"https:\/\/www.bioenvrac.fr\/commandes-groupees\/?s={search_term_string}\"},\"query-input\":{\"@type\":\"PropertyValueSpecification\",\"valueRequired\":true,\"valueName\":\"search_term_string\"}}],\"inLanguage\":\"fr-FR\"},{\"@type\":\"Organization\",\"@id\":\"https:\/\/www.bioenvrac.fr\/commandes-groupees\/#organization\",\"name\":\"Bioenvrac\",\"url\":\"https:\/\/www.bioenvrac.fr\/commandes-groupees\/\",\"logo\":{\"@type\":\"ImageObject\",\"inLanguage\":\"fr-FR\",\"@id\":\"https:\/\/www.bioenvrac.fr\/commandes-groupees\/#\/schema\/logo\/image\/\",\"url\":\"https:\/\/www.bioenvrac.fr\/commandes-groupees\/wp-content\/uploads\/2023\/09\/bioenvrac-logo.jpg\",\"contentUrl\":\"https:\/\/www.bioenvrac.fr\/commandes-groupees\/wp-content\/uploads\/2023\/09\/bioenvrac-logo.jpg\",\"width\":696,\"height\":696,\"caption\":\"Bioenvrac\"},\"image\":{\"@id\":\"https:\/\/www.bioenvrac.fr\/commandes-groupees\/#\/schema\/logo\/image\/\"},\"sameAs\":[\"https:\/\/www.facebook.com\/bioenvrac\"]}]}<\/script>","yoast_head_json":{"title":"Granola fruits secs Bio - Commandes group\u00e9es de produits bio secs","robots":{"index":"index","follow":"follow","max-snippet":"max-snippet:-1","max-image-preview":"max-image-preview:large","max-video-preview":"max-video-preview:-1"},"canonical":"https:\/\/www.bioenvrac.fr\/commandes-groupees\/produit\/granola-fruits-secs-bio\/","og_locale":"fr_FR","og_type":"article","og_title":"Granola fruits secs Bio - Commandes group\u00e9es de produits bio secs","og_description":"Origine : Fabriqu\u00e9 en France\/Rh\u00f4ne \u2022 En sac de 5 kg = 83,66 \u20ac \u2022 En sachet de 700 g = 11,96 \u20ac","og_url":"https:\/\/www.bioenvrac.fr\/commandes-groupees\/produit\/granola-fruits-secs-bio\/","og_site_name":"Commandes group\u00e9es de produits bio secs","article_publisher":"https:\/\/www.facebook.com\/bioenvrac","article_modified_time":"2026-04-07T06:12:18+00:00","og_image":[{"width":500,"height":500,"url":"https:\/\/www.bioenvrac.fr\/commandes-groupees\/wp-content\/uploads\/2023\/09\/cereales-granola-bio-artisanal-fruits-secs-la-main-dans-le-bol-500.jpg","type":"image\/jpeg"}],"twitter_card":"summary_large_image","twitter_misc":{"Dur\u00e9e de lecture estim\u00e9e":"2 minutes"},"schema":{"@context":"https:\/\/schema.org","@graph":[{"@type":"WebPage","@id":"https:\/\/www.bioenvrac.fr\/commandes-groupees\/produit\/granola-fruits-secs-bio\/","url":"https:\/\/www.bioenvrac.fr\/commandes-groupees\/produit\/granola-fruits-secs-bio\/","name":"Granola fruits secs Bio - Commandes group\u00e9es de produits bio secs","isPartOf":{"@id":"https:\/\/www.bioenvrac.fr\/commandes-groupees\/#website"},"primaryImageOfPage":{"@id":"https:\/\/www.bioenvrac.fr\/commandes-groupees\/produit\/granola-fruits-secs-bio\/#primaryimage"},"image":{"@id":"https:\/\/www.bioenvrac.fr\/commandes-groupees\/produit\/granola-fruits-secs-bio\/#primaryimage"},"thumbnailUrl":"https:\/\/www.bioenvrac.fr\/commandes-groupees\/wp-content\/uploads\/2023\/09\/cereales-granola-bio-artisanal-fruits-secs-la-main-dans-le-bol-500.jpg","datePublished":"2023-09-04T08:54:49+00:00","dateModified":"2026-04-07T06:12:18+00:00","breadcrumb":{"@id":"https:\/\/www.bioenvrac.fr\/commandes-groupees\/produit\/granola-fruits-secs-bio\/#breadcrumb"},"inLanguage":"fr-FR","potentialAction":[{"@type":"ReadAction","target":["https:\/\/www.bioenvrac.fr\/commandes-groupees\/produit\/granola-fruits-secs-bio\/"]}]},{"@type":"ImageObject","inLanguage":"fr-FR","@id":"https:\/\/www.bioenvrac.fr\/commandes-groupees\/produit\/granola-fruits-secs-bio\/#primaryimage","url":"https:\/\/www.bioenvrac.fr\/commandes-groupees\/wp-content\/uploads\/2023\/09\/cereales-granola-bio-artisanal-fruits-secs-la-main-dans-le-bol-500.jpg","contentUrl":"https:\/\/www.bioenvrac.fr\/commandes-groupees\/wp-content\/uploads\/2023\/09\/cereales-granola-bio-artisanal-fruits-secs-la-main-dans-le-bol-500.jpg","width":500,"height":500},{"@type":"BreadcrumbList","@id":"https:\/\/www.bioenvrac.fr\/commandes-groupees\/produit\/granola-fruits-secs-bio\/#breadcrumb","itemListElement":[{"@type":"ListItem","position":1,"name":"Accueil","item":"https:\/\/www.bioenvrac.fr\/commandes-groupees\/"},{"@type":"ListItem","position":2,"name":"Boutique","item":"https:\/\/www.bioenvrac.fr\/commandes-groupees\/boutique\/"},{"@type":"ListItem","position":3,"name":"Granola fruits secs Bio"}]},{"@type":"WebSite","@id":"https:\/\/www.bioenvrac.fr\/commandes-groupees\/#website","url":"https:\/\/www.bioenvrac.fr\/commandes-groupees\/","name":"Commandes group\u00e9es de produits bio secs","description":"Commandes group\u00e9es de produits bio secs","publisher":{"@id":"https:\/\/www.bioenvrac.fr\/commandes-groupees\/#organization"},"potentialAction":[{"@type":"SearchAction","target":{"@type":"EntryPoint","urlTemplate":"https:\/\/www.bioenvrac.fr\/commandes-groupees\/?s={search_term_string}"},"query-input":{"@type":"PropertyValueSpecification","valueRequired":true,"valueName":"search_term_string"}}],"inLanguage":"fr-FR"},{"@type":"Organization","@id":"https:\/\/www.bioenvrac.fr\/commandes-groupees\/#organization","name":"Bioenvrac","url":"https:\/\/www.bioenvrac.fr\/commandes-groupees\/","logo":{"@type":"ImageObject","inLanguage":"fr-FR","@id":"https:\/\/www.bioenvrac.fr\/commandes-groupees\/#\/schema\/logo\/image\/","url":"https:\/\/www.bioenvrac.fr\/commandes-groupees\/wp-content\/uploads\/2023\/09\/bioenvrac-logo.jpg","contentUrl":"https:\/\/www.bioenvrac.fr\/commandes-groupees\/wp-content\/uploads\/2023\/09\/bioenvrac-logo.jpg","width":696,"height":696,"caption":"Bioenvrac"},"image":{"@id":"https:\/\/www.bioenvrac.fr\/commandes-groupees\/#\/schema\/logo\/image\/"},"sameAs":["https:\/\/www.facebook.com\/bioenvrac"]}]}},"_links":{"self":[{"href":"https:\/\/www.bioenvrac.fr\/commandes-groupees\/wp-json\/wp\/v2\/product\/9886","targetHints":{"allow":["GET"]}}],"collection":[{"href":"https:\/\/www.bioenvrac.fr\/commandes-groupees\/wp-json\/wp\/v2\/product"}],"about":[{"href":"https:\/\/www.bioenvrac.fr\/commandes-groupees\/wp-json\/wp\/v2\/types\/product"}],"wp:featuredmedia":[{"embeddable":true,"href":"https:\/\/www.bioenvrac.fr\/commandes-groupees\/wp-json\/wp\/v2\/media\/9938"}],"wp:attachment":[{"href":"https:\/\/www.bioenvrac.fr\/commandes-groupees\/wp-json\/wp\/v2\/media?parent=9886"}],"wp:term":[{"taxonomy":"product_brand","embeddable":true,"href":"https:\/\/www.bioenvrac.fr\/commandes-groupees\/wp-json\/wp\/v2\/product_brand?post=9886"},{"taxonomy":"product_cat","embeddable":true,"href":"https:\/\/www.bioenvrac.fr\/commandes-groupees\/wp-json\/wp\/v2\/product_cat?post=9886"},{"taxonomy":"product_tag","embeddable":true,"href":"https:\/\/www.bioenvrac.fr\/commandes-groupees\/wp-json\/wp\/v2\/product_tag?post=9886"}],"curies":[{"name":"wp","href":"https:\/\/api.w.org\/{rel}","templated":true}]}}